{"id":1310,"date":"2025-02-06T21:23:23","date_gmt":"2025-02-06T20:23:23","guid":{"rendered":"https:\/\/www.rimsportcerveteri.it\/?page_id=1310"},"modified":"2025-10-20T10:22:40","modified_gmt":"2025-10-20T08:22:40","slug":"news","status":"publish","type":"page","link":"https:\/\/www.rimsportcerveteri.it\/index.php\/news\/","title":{"rendered":"News"},"content":{"rendered":"\t\t<div data-elementor-type=\"wp-page\" data-elementor-id=\"1310\" class=\"elementor elementor-1310\" data-elementor-post-type=\"page\">\n\t\t\t\t\t\t<section class=\"elementor-section elementor-top-section elementor-element elementor-element-eb29518 elementor-section-height-min-height elementor-section-boxed elementor-section-height-default elementor-section-items-middle\" data-id=\"eb29518\" data-element_type=\"section\" data-e-type=\"section\" data-settings=\"{&quot;background_background&quot;:&quot;classic&quot;,&quot;shape_divider_bottom&quot;:&quot;pyramids&quot;,&quot;shape_divider_top&quot;:&quot;pyramids&quot;}\">\n\t\t\t\t\t\t\t<div class=\"elementor-background-overlay\"><\/div>\n\t\t\t\t\t\t<div class=\"elementor-shape elementor-shape-top\" aria-hidden=\"true\" data-negative=\"false\">\n\t\t\t<svg xmlns=\"http:\/\/www.w3.org\/2000\/svg\" viewBox=\"0 0 1000 100\" preserveAspectRatio=\"none\">\n\t<path class=\"elementor-shape-fill\" d=\"M761.9,44.1L643.1,27.2L333.8,98L0,3.8V0l1000,0v3.9\"\/>\n<\/svg>\t\t<\/div>\n\t\t\t\t<div class=\"elementor-shape elementor-shape-bottom\" aria-hidden=\"true\" data-negative=\"false\">\n\t\t\t<svg xmlns=\"http:\/\/www.w3.org\/2000\/svg\" viewBox=\"0 0 1000 100\" preserveAspectRatio=\"none\">\n\t<path class=\"elementor-shape-fill\" d=\"M761.9,44.1L643.1,27.2L333.8,98L0,3.8V0l1000,0v3.9\"\/>\n<\/svg>\t\t<\/div>\n\t\t\t\t\t<div class=\"elementor-container elementor-column-gap-default\">\n\t\t\t\t\t<div class=\"elementor-column elementor-col-100 elementor-top-column elementor-element elementor-element-1937b31\" data-id=\"1937b31\" data-element_type=\"column\" data-e-type=\"column\" data-settings=\"{&quot;background_background&quot;:&quot;classic&quot;}\">\n\t\t\t<div class=\"elementor-widget-wrap elementor-element-populated\">\n\t\t\t\t\t<div class=\"elementor-background-overlay\"><\/div>\n\t\t\t\t\t\t<div class=\"elementor-element elementor-element-02a1674 elementor-hidden-tablet elementor-hidden-mobile elementor-widget elementor-widget-heading\" data-id=\"02a1674\" data-element_type=\"widget\" data-e-type=\"widget\" data-widget_type=\"heading.default\">\n\t\t\t\t<div class=\"elementor-widget-container\">\n\t\t\t\t\t<h1 class=\"elementor-heading-title elementor-size-default\"><span style=\"font-size: 40px\">resta aggiornato su tutte le news<\/span><br> <span style=\"font-size: 70px\">del centro sportivo rim<\/span><\/h1>\t\t\t\t<\/div>\n\t\t\t\t<\/div>\n\t\t\t\t<div class=\"elementor-element elementor-element-01ee66d elementor-hidden-desktop elementor-hidden-mobile elementor-widget elementor-widget-heading\" data-id=\"01ee66d\" data-element_type=\"widget\" data-e-type=\"widget\" data-widget_type=\"heading.default\">\n\t\t\t\t<div class=\"elementor-widget-container\">\n\t\t\t\t\t<h1 class=\"elementor-heading-title elementor-size-default\"><span style=\"font-size: 30px\">resta aggiornato su tutte le news<\/span><br> <span style=\"font-size: 50px\">del centro sportivo rim<\/span><\/h1>\t\t\t\t<\/div>\n\t\t\t\t<\/div>\n\t\t\t\t<div class=\"elementor-element elementor-element-57d13c9 elementor-hidden-desktop elementor-hidden-tablet elementor-widget elementor-widget-heading\" data-id=\"57d13c9\" data-element_type=\"widget\" data-e-type=\"widget\" data-widget_type=\"heading.default\">\n\t\t\t\t<div class=\"elementor-widget-container\">\n\t\t\t\t\t<h1 class=\"elementor-heading-title elementor-size-default\"><span style=\"font-size: 10px\">resta aggiornato su tutte le news<\/span><br> <span style=\"font-size: 30px\">del centro sportivo rim<\/span><\/h1>\t\t\t\t<\/div>\n\t\t\t\t<\/div>\n\t\t\t\t<div class=\"elementor-element elementor-element-dccf98a elementor-widget elementor-widget-text-editor\" data-id=\"dccf98a\" data-element_type=\"widget\" data-e-type=\"widget\" data-widget_type=\"text-editor.default\">\n\t\t\t\t<div class=\"elementor-widget-container\">\n\t\t\t\t\t\t\t\t\t<p data-start=\"41\" data-end=\"382\">Articoli, interviste, approfondimenti e tutte le curiosit\u00e0 sul Centro Sportivo RIM. Rimani aggiornato sui risultati delle prime squadre e su tutti i traguardi che le giovani atlete e i giovani atleti della RIM FAMILY riescono a raggiungere.<br \/>Se hai una storia o delle curiosit\u00e0 da raccontarci, non esitare a contattarci!<\/p>\t\t\t\t\t\t\t\t<\/div>\n\t\t\t\t<\/div>\n\t\t\t\t<div class=\"elementor-element elementor-element-828bbc4 elementor-widget elementor-widget-spacer\" data-id=\"828bbc4\" data-element_type=\"widget\" data-e-type=\"widget\" data-widget_type=\"spacer.default\">\n\t\t\t\t<div class=\"elementor-widget-container\">\n\t\t\t\t\t\t\t<div class=\"elementor-spacer\">\n\t\t\t<div class=\"elementor-spacer-inner\"><\/div>\n\t\t<\/div>\n\t\t\t\t\t\t<\/div>\n\t\t\t\t<\/div>\n\t\t\t\t\t<\/div>\n\t\t<\/div>\n\t\t\t\t\t<\/div>\n\t\t<\/section>\n\t\t\t\t<section class=\"elementor-section elementor-top-section elementor-element elementor-element-6f1c94b elementor-section-height-min-height elementor-section-boxed elementor-section-height-default elementor-section-items-middle\" data-id=\"6f1c94b\" data-element_type=\"section\" data-e-type=\"section\" data-settings=\"{&quot;background_background&quot;:&quot;classic&quot;}\">\n\t\t\t\t\t\t<div class=\"elementor-container elementor-column-gap-default\">\n\t\t\t\t\t<div class=\"elementor-column elementor-col-100 elementor-top-column elementor-element elementor-element-ea1b7dd\" data-id=\"ea1b7dd\" data-element_type=\"column\" data-e-type=\"column\">\n\t\t\t<div class=\"elementor-widget-wrap elementor-element-populated\">\n\t\t\t\t\t\t<div class=\"elementor-element elementor-element-b314997 elementor-grid-2 elementor-grid-tablet-2 elementor-grid-mobile-1 elementor-posts--thumbnail-top elementor-card-shadow-yes elementor-posts__hover-gradient elementor-widget elementor-widget-posts\" data-id=\"b314997\" data-element_type=\"widget\" data-e-type=\"widget\" data-settings=\"{&quot;cards_columns&quot;:&quot;2&quot;,&quot;pagination_type&quot;:&quot;numbers_and_prev_next&quot;,&quot;cards_columns_tablet&quot;:&quot;2&quot;,&quot;cards_columns_mobile&quot;:&quot;1&quot;,&quot;cards_row_gap&quot;:{&quot;unit&quot;:&quot;px&quot;,&quot;size&quot;:35,&quot;sizes&quot;:[]},&quot;cards_row_gap_tablet&quot;:{&quot;unit&quot;:&quot;px&quot;,&quot;size&quot;:&quot;&quot;,&quot;sizes&quot;:[]},&quot;cards_row_gap_mobile&quot;:{&quot;unit&quot;:&quot;px&quot;,&quot;size&quot;:&quot;&quot;,&quot;sizes&quot;:[]}}\" data-widget_type=\"posts.cards\">\n\t\t\t\t<div class=\"elementor-widget-container\">\n\t\t\t\t\t\t\t<div class=\"elementor-posts-container elementor-posts elementor-posts--skin-cards elementor-grid\" role=\"list\">\n\t\t\t\t<article class=\"elementor-post elementor-grid-item post-3221 post type-post status-publish format-standard has-post-thumbnail hentry category-volley tag-news-dal-centro tag-volley\" role=\"listitem\">\n\t\t\t<div class=\"elementor-post__card\">\n\t\t\t\t<a class=\"elementor-post__thumbnail__link\" href=\"https:\/\/www.rimsportcerveteri.it\/index.php\/2026\/08\/01\/volley-alessio-pignatelli-bandiera-del-movimento-civitavecchiese-sbarca-a-cerveteri\/\" tabindex=\"-1\" ><div class=\"elementor-post__thumbnail\"><img fetchpriority=\"high\" decoding=\"async\" width=\"1254\" height=\"1254\" src=\"https:\/\/www.rimsportcerveteri.it\/wp-content\/uploads\/2026\/08\/grafica-pignatelli.jpeg\" class=\"attachment-full size-full wp-image-3222\" alt=\"\" srcset=\"https:\/\/www.rimsportcerveteri.it\/wp-content\/uploads\/2026\/08\/grafica-pignatelli.jpeg 1254w, https:\/\/www.rimsportcerveteri.it\/wp-content\/uploads\/2026\/08\/grafica-pignatelli-300x300.jpeg 300w, https:\/\/www.rimsportcerveteri.it\/wp-content\/uploads\/2026\/08\/grafica-pignatelli-1024x1024.jpeg 1024w, https:\/\/www.rimsportcerveteri.it\/wp-content\/uploads\/2026\/08\/grafica-pignatelli-150x150.jpeg 150w, https:\/\/www.rimsportcerveteri.it\/wp-content\/uploads\/2026\/08\/grafica-pignatelli-768x768.jpeg 768w\" sizes=\"(max-width: 1254px) 100vw, 1254px\" \/><\/div><\/a>\n\t\t\t\t<div class=\"elementor-post__badge\">Volley<\/div>\n\t\t\t\t<div class=\"elementor-post__text\">\n\t\t\t\t<h3 class=\"elementor-post__title\">\n\t\t\t<a href=\"https:\/\/www.rimsportcerveteri.it\/index.php\/2026\/08\/01\/volley-alessio-pignatelli-bandiera-del-movimento-civitavecchiese-sbarca-a-cerveteri\/\" >\n\t\t\t\tVolley: Alessio Pignatelli, bandiera del movimento civitavecchiese, sbarca a Cerveteri\t\t\t<\/a>\n\t\t<\/h3>\n\t\t\t\t<div class=\"elementor-post__excerpt\">\n\t\t\t<p>Chiusa l\u2019esperienza con la CV Volley, Alessio Pignatelli sar\u00e0 la nuova guida tecnica della Serie C Maschile della RIM Sport Cerveteri Arriva la prima novit\u00e0 della prossima stagione per la RIM Sport Cerveteri: Alessio Pignatelli sar\u00e0 il nuovo allenatore della Serie C Maschile. Dopo aver salutato coach Cataldi a cui<\/p>\n\t\t<\/div>\n\t\t\n\t\t<a class=\"elementor-post__read-more\" href=\"https:\/\/www.rimsportcerveteri.it\/index.php\/2026\/08\/01\/volley-alessio-pignatelli-bandiera-del-movimento-civitavecchiese-sbarca-a-cerveteri\/\" aria-label=\"Leggi tutto Volley: Alessio Pignatelli, bandiera del movimento civitavecchiese, sbarca a Cerveteri\" tabindex=\"-1\" >\n\t\t\tLeggi Tutto \u00bb\t\t<\/a>\n\n\t\t\t\t<\/div>\n\t\t\t\t<div class=\"elementor-post__meta-data\">\n\t\t\t\t\t<span class=\"elementor-post-date\">\n\t\t\t1 Agosto 2026\t\t<\/span>\n\t\t\t\t<span class=\"elementor-post-avatar\">\n\t\t\tNessun commento\t\t<\/span>\n\t\t\t\t<\/div>\n\t\t\t\t\t<\/div>\n\t\t<\/article>\n\t\t\t\t<article class=\"elementor-post elementor-grid-item post-3209 post type-post status-publish format-standard has-post-thumbnail hentry category-danza tag-danza tag-news-dal-centro\" role=\"listitem\">\n\t\t\t<div class=\"elementor-post__card\">\n\t\t\t\t<a class=\"elementor-post__thumbnail__link\" href=\"https:\/\/www.rimsportcerveteri.it\/index.php\/2026\/07\/09\/cerveteri-la-rim-e-campione-ditalia-nel-latin\/\" tabindex=\"-1\" ><div class=\"elementor-post__thumbnail\"><img decoding=\"async\" width=\"1200\" height=\"1600\" src=\"https:\/\/www.rimsportcerveteri.it\/wp-content\/uploads\/2026\/07\/rim-latin-1.jpeg\" class=\"attachment-full size-full wp-image-3211\" alt=\"\" srcset=\"https:\/\/www.rimsportcerveteri.it\/wp-content\/uploads\/2026\/07\/rim-latin-1.jpeg 1200w, https:\/\/www.rimsportcerveteri.it\/wp-content\/uploads\/2026\/07\/rim-latin-1-225x300.jpeg 225w, https:\/\/www.rimsportcerveteri.it\/wp-content\/uploads\/2026\/07\/rim-latin-1-768x1024.jpeg 768w, https:\/\/www.rimsportcerveteri.it\/wp-content\/uploads\/2026\/07\/rim-latin-1-1152x1536.jpeg 1152w\" sizes=\"(max-width: 1200px) 100vw, 1200px\" \/><\/div><\/a>\n\t\t\t\t<div class=\"elementor-post__badge\">Danza<\/div>\n\t\t\t\t<div class=\"elementor-post__text\">\n\t\t\t\t<h3 class=\"elementor-post__title\">\n\t\t\t<a href=\"https:\/\/www.rimsportcerveteri.it\/index.php\/2026\/07\/09\/cerveteri-la-rim-e-campione-ditalia-nel-latin\/\" >\n\t\t\t\tCerveteri, la RIM \u00e8 campione d\u2019Italia nel latin\t\t\t<\/a>\n\t\t<\/h3>\n\t\t\t\t<div class=\"elementor-post__excerpt\">\n\t\t\t<p>Trionfo a Rimini nel Campionato Federale per il gruppo over 50 del sincro latin della societ\u00e0 etrusca Sono ancora in corso i Campionati Italiani Fidesm (Federazione Italiana Danza Sportiva e Sport Musicali) che, a Rimini, stanno incoronando i migliori danzatori d\u2019Italia. La splendida notizia per Cerveteri \u00e8 gi\u00e0 arrivata dalla<\/p>\n\t\t<\/div>\n\t\t\n\t\t<a class=\"elementor-post__read-more\" href=\"https:\/\/www.rimsportcerveteri.it\/index.php\/2026\/07\/09\/cerveteri-la-rim-e-campione-ditalia-nel-latin\/\" aria-label=\"Leggi tutto Cerveteri, la RIM \u00e8 campione d\u2019Italia nel latin\" tabindex=\"-1\" >\n\t\t\tLeggi Tutto \u00bb\t\t<\/a>\n\n\t\t\t\t<\/div>\n\t\t\t\t<div class=\"elementor-post__meta-data\">\n\t\t\t\t\t<span class=\"elementor-post-date\">\n\t\t\t9 Luglio 2026\t\t<\/span>\n\t\t\t\t<span class=\"elementor-post-avatar\">\n\t\t\tNessun commento\t\t<\/span>\n\t\t\t\t<\/div>\n\t\t\t\t\t<\/div>\n\t\t<\/article>\n\t\t\t\t<article class=\"elementor-post elementor-grid-item post-3198 post type-post status-publish format-standard has-post-thumbnail hentry category-basket tag-basket tag-news-dal-centro\" role=\"listitem\">\n\t\t\t<div class=\"elementor-post__card\">\n\t\t\t\t<a class=\"elementor-post__thumbnail__link\" href=\"https:\/\/www.rimsportcerveteri.it\/index.php\/2026\/07\/04\/basket-patrik-burca-selezionato-tra-i-migliori-under-14-del-lazio\/\" tabindex=\"-1\" ><div class=\"elementor-post__thumbnail\"><img decoding=\"async\" width=\"1500\" height=\"2000\" src=\"https:\/\/www.rimsportcerveteri.it\/wp-content\/uploads\/2026\/07\/burca-academy-1.jpeg\" class=\"attachment-full size-full wp-image-3201\" alt=\"\" srcset=\"https:\/\/www.rimsportcerveteri.it\/wp-content\/uploads\/2026\/07\/burca-academy-1.jpeg 1500w, https:\/\/www.rimsportcerveteri.it\/wp-content\/uploads\/2026\/07\/burca-academy-1-225x300.jpeg 225w, https:\/\/www.rimsportcerveteri.it\/wp-content\/uploads\/2026\/07\/burca-academy-1-768x1024.jpeg 768w, https:\/\/www.rimsportcerveteri.it\/wp-content\/uploads\/2026\/07\/burca-academy-1-1152x1536.jpeg 1152w\" sizes=\"(max-width: 1500px) 100vw, 1500px\" \/><\/div><\/a>\n\t\t\t\t<div class=\"elementor-post__badge\">Basket<\/div>\n\t\t\t\t<div class=\"elementor-post__text\">\n\t\t\t\t<h3 class=\"elementor-post__title\">\n\t\t\t<a href=\"https:\/\/www.rimsportcerveteri.it\/index.php\/2026\/07\/04\/basket-patrik-burca-selezionato-tra-i-migliori-under-14-del-lazio\/\" >\n\t\t\t\tBasket, Patrik Burca selezionato tra i migliori Under 14 del Lazio\t\t\t<\/a>\n\t\t<\/h3>\n\t\t\t\t<div class=\"elementor-post__excerpt\">\n\t\t\t<p>Il cestista RIM ha partecipato agli Academy Games, selezionato direttamente dal Centro Tecnico Regionale della FIP \u00c8 arrivata una convocazione di assoluto prestigio per Patrik Burca, giovane cestista della RIM Sport Cerveteri che, domenica 28 giugno, su indicazione del Centro Tecnico Regionale della Federazione Italiana Pallacanestro, ha partecipato agli Academy<\/p>\n\t\t<\/div>\n\t\t\n\t\t<a class=\"elementor-post__read-more\" href=\"https:\/\/www.rimsportcerveteri.it\/index.php\/2026\/07\/04\/basket-patrik-burca-selezionato-tra-i-migliori-under-14-del-lazio\/\" aria-label=\"Leggi tutto Basket, Patrik Burca selezionato tra i migliori Under 14 del Lazio\" tabindex=\"-1\" >\n\t\t\tLeggi Tutto \u00bb\t\t<\/a>\n\n\t\t\t\t<\/div>\n\t\t\t\t<div class=\"elementor-post__meta-data\">\n\t\t\t\t\t<span class=\"elementor-post-date\">\n\t\t\t4 Luglio 2026\t\t<\/span>\n\t\t\t\t<span class=\"elementor-post-avatar\">\n\t\t\tNessun commento\t\t<\/span>\n\t\t\t\t<\/div>\n\t\t\t\t\t<\/div>\n\t\t<\/article>\n\t\t\t\t<article class=\"elementor-post elementor-grid-item post-3191 post type-post status-publish format-standard has-post-thumbnail hentry category-danza tag-danza tag-news-dal-centro\" role=\"listitem\">\n\t\t\t<div class=\"elementor-post__card\">\n\t\t\t\t<a class=\"elementor-post__thumbnail__link\" href=\"https:\/\/www.rimsportcerveteri.it\/index.php\/2026\/06\/30\/tutti-in-scena-i-saggi-della-rim-cerveteri-fanno-il-pieno-al-parco-della-legnara\/\" tabindex=\"-1\" ><div class=\"elementor-post__thumbnail\"><img loading=\"lazy\" decoding=\"async\" width=\"1442\" height=\"942\" src=\"https:\/\/www.rimsportcerveteri.it\/wp-content\/uploads\/2026\/06\/saggio-1.jpeg\" class=\"attachment-full size-full wp-image-3192\" alt=\"\" srcset=\"https:\/\/www.rimsportcerveteri.it\/wp-content\/uploads\/2026\/06\/saggio-1.jpeg 1442w, https:\/\/www.rimsportcerveteri.it\/wp-content\/uploads\/2026\/06\/saggio-1-300x196.jpeg 300w, https:\/\/www.rimsportcerveteri.it\/wp-content\/uploads\/2026\/06\/saggio-1-1024x669.jpeg 1024w, https:\/\/www.rimsportcerveteri.it\/wp-content\/uploads\/2026\/06\/saggio-1-768x502.jpeg 768w\" sizes=\"(max-width: 1442px) 100vw, 1442px\" \/><\/div><\/a>\n\t\t\t\t<div class=\"elementor-post__badge\">Danza<\/div>\n\t\t\t\t<div class=\"elementor-post__text\">\n\t\t\t\t<h3 class=\"elementor-post__title\">\n\t\t\t<a href=\"https:\/\/www.rimsportcerveteri.it\/index.php\/2026\/06\/30\/tutti-in-scena-i-saggi-della-rim-cerveteri-fanno-il-pieno-al-parco-della-legnara\/\" >\n\t\t\t\tTutti in scena: i saggi della RIM Cerveteri fanno il pieno al Parco della Legnara\t\t\t<\/a>\n\t\t<\/h3>\n\t\t\t\t<div class=\"elementor-post__excerpt\">\n\t\t\t<p>Doppio tutto esaurito per i saggi spettacolo della RIM Sport Cerveteri che hanno aperto il cartellone della citt\u00e0 etrusca \u201cTutti in scena\u201d ha conquistato il Parco della Legnara: il settore danza della RIM Sport Cerveteri, infatti, ha inaugurato al meglio la stagione degli spettacoli. Al Parco della Legnara, venerd\u00ec 26<\/p>\n\t\t<\/div>\n\t\t\n\t\t<a class=\"elementor-post__read-more\" href=\"https:\/\/www.rimsportcerveteri.it\/index.php\/2026\/06\/30\/tutti-in-scena-i-saggi-della-rim-cerveteri-fanno-il-pieno-al-parco-della-legnara\/\" aria-label=\"Leggi tutto Tutti in scena: i saggi della RIM Cerveteri fanno il pieno al Parco della Legnara\" tabindex=\"-1\" >\n\t\t\tLeggi Tutto \u00bb\t\t<\/a>\n\n\t\t\t\t<\/div>\n\t\t\t\t<div class=\"elementor-post__meta-data\">\n\t\t\t\t\t<span class=\"elementor-post-date\">\n\t\t\t30 Giugno 2026\t\t<\/span>\n\t\t\t\t<span class=\"elementor-post-avatar\">\n\t\t\tNessun commento\t\t<\/span>\n\t\t\t\t<\/div>\n\t\t\t\t\t<\/div>\n\t\t<\/article>\n\t\t\t\t<article class=\"elementor-post elementor-grid-item post-3185 post type-post status-publish format-standard has-post-thumbnail hentry category-danza tag-danza tag-news-dal-centro\" role=\"listitem\">\n\t\t\t<div class=\"elementor-post__card\">\n\t\t\t\t<a class=\"elementor-post__thumbnail__link\" href=\"https:\/\/www.rimsportcerveteri.it\/index.php\/2026\/06\/22\/tutti-in-scena-con-i-saggi-della-rim-cerveteri\/\" tabindex=\"-1\" ><div class=\"elementor-post__thumbnail\"><img loading=\"lazy\" decoding=\"async\" width=\"1350\" height=\"1687\" src=\"https:\/\/www.rimsportcerveteri.it\/wp-content\/uploads\/2026\/06\/locadina-saggi-danza.jpg\" class=\"attachment-full size-full wp-image-3186\" alt=\"\" srcset=\"https:\/\/www.rimsportcerveteri.it\/wp-content\/uploads\/2026\/06\/locadina-saggi-danza.jpg 1350w, https:\/\/www.rimsportcerveteri.it\/wp-content\/uploads\/2026\/06\/locadina-saggi-danza-240x300.jpg 240w, https:\/\/www.rimsportcerveteri.it\/wp-content\/uploads\/2026\/06\/locadina-saggi-danza-819x1024.jpg 819w, https:\/\/www.rimsportcerveteri.it\/wp-content\/uploads\/2026\/06\/locadina-saggi-danza-768x960.jpg 768w, https:\/\/www.rimsportcerveteri.it\/wp-content\/uploads\/2026\/06\/locadina-saggi-danza-1229x1536.jpg 1229w\" sizes=\"(max-width: 1350px) 100vw, 1350px\" \/><\/div><\/a>\n\t\t\t\t<div class=\"elementor-post__badge\">Danza<\/div>\n\t\t\t\t<div class=\"elementor-post__text\">\n\t\t\t\t<h3 class=\"elementor-post__title\">\n\t\t\t<a href=\"https:\/\/www.rimsportcerveteri.it\/index.php\/2026\/06\/22\/tutti-in-scena-con-i-saggi-della-rim-cerveteri\/\" >\n\t\t\t\tTutti in scena con i saggi della RIM Cerveteri\t\t\t<\/a>\n\t\t<\/h3>\n\t\t\t\t<div class=\"elementor-post__excerpt\">\n\t\t\t<p>26 e 28 giugno, al Parco della Legnara 2 serate in compagnia del settore danza della RIM Sport Cerveteri Solo pochi giorni e saremo \u201cTutti in scena\u201d: \u00e8 questo il titolo dei saggi spettacolo del settore danza dalla RIM Sport Cerveteri che, venerd\u00ec 26 e domenica 28 giugno, animer\u00e0 il<\/p>\n\t\t<\/div>\n\t\t\n\t\t<a class=\"elementor-post__read-more\" href=\"https:\/\/www.rimsportcerveteri.it\/index.php\/2026\/06\/22\/tutti-in-scena-con-i-saggi-della-rim-cerveteri\/\" aria-label=\"Leggi tutto Tutti in scena con i saggi della RIM Cerveteri\" tabindex=\"-1\" >\n\t\t\tLeggi Tutto \u00bb\t\t<\/a>\n\n\t\t\t\t<\/div>\n\t\t\t\t<div class=\"elementor-post__meta-data\">\n\t\t\t\t\t<span class=\"elementor-post-date\">\n\t\t\t22 Giugno 2026\t\t<\/span>\n\t\t\t\t<span class=\"elementor-post-avatar\">\n\t\t\tNessun commento\t\t<\/span>\n\t\t\t\t<\/div>\n\t\t\t\t\t<\/div>\n\t\t<\/article>\n\t\t\t\t<article class=\"elementor-post elementor-grid-item post-3179 post type-post status-publish format-standard has-post-thumbnail hentry category-progetti tag-news-dal-centro tag-sport\" role=\"listitem\">\n\t\t\t<div class=\"elementor-post__card\">\n\t\t\t\t<a class=\"elementor-post__thumbnail__link\" href=\"https:\/\/www.rimsportcerveteri.it\/index.php\/2026\/06\/15\/cerveteri-ricorda-daniele-papa-con-il-6-trofeo-a-lui-dedicato\/\" tabindex=\"-1\" ><div class=\"elementor-post__thumbnail\"><img loading=\"lazy\" decoding=\"async\" width=\"792\" height=\"988\" src=\"https:\/\/www.rimsportcerveteri.it\/wp-content\/uploads\/2026\/06\/locandina-memorial-papa.jpg\" class=\"attachment-full size-full wp-image-3180\" alt=\"\" srcset=\"https:\/\/www.rimsportcerveteri.it\/wp-content\/uploads\/2026\/06\/locandina-memorial-papa.jpg 792w, https:\/\/www.rimsportcerveteri.it\/wp-content\/uploads\/2026\/06\/locandina-memorial-papa-240x300.jpg 240w, https:\/\/www.rimsportcerveteri.it\/wp-content\/uploads\/2026\/06\/locandina-memorial-papa-768x958.jpg 768w\" sizes=\"(max-width: 792px) 100vw, 792px\" \/><\/div><\/a>\n\t\t\t\t<div class=\"elementor-post__badge\">Progetti<\/div>\n\t\t\t\t<div class=\"elementor-post__text\">\n\t\t\t\t<h3 class=\"elementor-post__title\">\n\t\t\t<a href=\"https:\/\/www.rimsportcerveteri.it\/index.php\/2026\/06\/15\/cerveteri-ricorda-daniele-papa-con-il-6-trofeo-a-lui-dedicato\/\" >\n\t\t\t\tCerveteri ricorda Daniele Papa con il 6\u00b0 Trofeo a lui dedicato\t\t\t<\/a>\n\t\t<\/h3>\n\t\t\t\t<div class=\"elementor-post__excerpt\">\n\t\t\t<p>Domenica 21 giugno, presso il centro sportivo RIM, una giornata di sport per ricordare Daniele Calcetto, padel e pallavolo, giovani uniti dallo sport nel ricordo di Daniele Papa: domenica 21 giugno, presso il&nbsp;&nbsp; Centro sportivo RIM di Cerveteri, si svolger\u00e0 la sesta edizione del Trofeo dedicato alla memoria del&nbsp; giovane<\/p>\n\t\t<\/div>\n\t\t\n\t\t<a class=\"elementor-post__read-more\" href=\"https:\/\/www.rimsportcerveteri.it\/index.php\/2026\/06\/15\/cerveteri-ricorda-daniele-papa-con-il-6-trofeo-a-lui-dedicato\/\" aria-label=\"Leggi tutto Cerveteri ricorda Daniele Papa con il 6\u00b0 Trofeo a lui dedicato\" tabindex=\"-1\" >\n\t\t\tLeggi Tutto \u00bb\t\t<\/a>\n\n\t\t\t\t<\/div>\n\t\t\t\t<div class=\"elementor-post__meta-data\">\n\t\t\t\t\t<span class=\"elementor-post-date\">\n\t\t\t15 Giugno 2026\t\t<\/span>\n\t\t\t\t<span class=\"elementor-post-avatar\">\n\t\t\tNessun commento\t\t<\/span>\n\t\t\t\t<\/div>\n\t\t\t\t\t<\/div>\n\t\t<\/article>\n\t\t\t\t<article class=\"elementor-post elementor-grid-item post-3170 post type-post status-publish format-standard has-post-thumbnail hentry category-basket tag-basket tag-news-dal-centro\" role=\"listitem\">\n\t\t\t<div class=\"elementor-post__card\">\n\t\t\t\t<a class=\"elementor-post__thumbnail__link\" href=\"https:\/\/www.rimsportcerveteri.it\/index.php\/2026\/06\/08\/cerveteri-claudio-tomasicchio-campione-under-22-del-campionato-nazionale-olandese-di-basket\/\" tabindex=\"-1\" ><div class=\"elementor-post__thumbnail\"><img loading=\"lazy\" decoding=\"async\" width=\"1920\" height=\"2560\" src=\"https:\/\/www.rimsportcerveteri.it\/wp-content\/uploads\/2026\/06\/Claudio-Tomasicchio-scaled.jpg\" class=\"attachment-full size-full wp-image-3171\" alt=\"\" srcset=\"https:\/\/www.rimsportcerveteri.it\/wp-content\/uploads\/2026\/06\/Claudio-Tomasicchio-scaled.jpg 1920w, https:\/\/www.rimsportcerveteri.it\/wp-content\/uploads\/2026\/06\/Claudio-Tomasicchio-225x300.jpg 225w, https:\/\/www.rimsportcerveteri.it\/wp-content\/uploads\/2026\/06\/Claudio-Tomasicchio-768x1024.jpg 768w, https:\/\/www.rimsportcerveteri.it\/wp-content\/uploads\/2026\/06\/Claudio-Tomasicchio-1152x1536.jpg 1152w, https:\/\/www.rimsportcerveteri.it\/wp-content\/uploads\/2026\/06\/Claudio-Tomasicchio-1536x2048.jpg 1536w\" sizes=\"(max-width: 1920px) 100vw, 1920px\" \/><\/div><\/a>\n\t\t\t\t<div class=\"elementor-post__badge\">Basket<\/div>\n\t\t\t\t<div class=\"elementor-post__text\">\n\t\t\t\t<h3 class=\"elementor-post__title\">\n\t\t\t<a href=\"https:\/\/www.rimsportcerveteri.it\/index.php\/2026\/06\/08\/cerveteri-claudio-tomasicchio-campione-under-22-del-campionato-nazionale-olandese-di-basket\/\" >\n\t\t\t\tCerveteri, Claudio Tomasicchio campione under 22 del campionato nazionale olandese di basket\t\t\t<\/a>\n\t\t<\/h3>\n\t\t\t\t<div class=\"elementor-post__excerpt\">\n\t\t\t<p>L\u2019intervista a Claudio al suo rientro in Italia: \u201cCerveteri e la RIM sono la mia casa, \u00e8 successo qualcosa che va oltre ci\u00f2 che avevo sognato\u201d Tira a canestro da quando ha 4 anni e, oggi, \u00e8 campione d\u2019Olanda: Claudio Tomasicchio, atleta classe 2005, infatti, ha trionfato nell\u2019Eredivise Under 22<\/p>\n\t\t<\/div>\n\t\t\n\t\t<a class=\"elementor-post__read-more\" href=\"https:\/\/www.rimsportcerveteri.it\/index.php\/2026\/06\/08\/cerveteri-claudio-tomasicchio-campione-under-22-del-campionato-nazionale-olandese-di-basket\/\" aria-label=\"Leggi tutto Cerveteri, Claudio Tomasicchio campione under 22 del campionato nazionale olandese di basket\" tabindex=\"-1\" >\n\t\t\tLeggi Tutto \u00bb\t\t<\/a>\n\n\t\t\t\t<\/div>\n\t\t\t\t<div class=\"elementor-post__meta-data\">\n\t\t\t\t\t<span class=\"elementor-post-date\">\n\t\t\t8 Giugno 2026\t\t<\/span>\n\t\t\t\t<span class=\"elementor-post-avatar\">\n\t\t\tNessun commento\t\t<\/span>\n\t\t\t\t<\/div>\n\t\t\t\t\t<\/div>\n\t\t<\/article>\n\t\t\t\t<article class=\"elementor-post elementor-grid-item post-3164 post type-post status-publish format-standard has-post-thumbnail hentry category-calcio tag-calcio tag-news-dal-centro\" role=\"listitem\">\n\t\t\t<div class=\"elementor-post__card\">\n\t\t\t\t<a class=\"elementor-post__thumbnail__link\" href=\"https:\/\/www.rimsportcerveteri.it\/index.php\/2026\/05\/31\/calcio-la-rim-cerveteri-torna-da-como-mister-accardo-esperienza-indimenticabile\/\" tabindex=\"-1\" ><div class=\"elementor-post__thumbnail\"><img loading=\"lazy\" decoding=\"async\" width=\"1149\" height=\"861\" src=\"https:\/\/www.rimsportcerveteri.it\/wp-content\/uploads\/2026\/05\/squadra.jpeg\" class=\"attachment-full size-full wp-image-3166\" alt=\"\" srcset=\"https:\/\/www.rimsportcerveteri.it\/wp-content\/uploads\/2026\/05\/squadra.jpeg 1149w, https:\/\/www.rimsportcerveteri.it\/wp-content\/uploads\/2026\/05\/squadra-300x225.jpeg 300w, https:\/\/www.rimsportcerveteri.it\/wp-content\/uploads\/2026\/05\/squadra-1024x767.jpeg 1024w, https:\/\/www.rimsportcerveteri.it\/wp-content\/uploads\/2026\/05\/squadra-768x575.jpeg 768w\" sizes=\"(max-width: 1149px) 100vw, 1149px\" \/><\/div><\/a>\n\t\t\t\t<div class=\"elementor-post__badge\">Calcio<\/div>\n\t\t\t\t<div class=\"elementor-post__text\">\n\t\t\t\t<h3 class=\"elementor-post__title\">\n\t\t\t<a href=\"https:\/\/www.rimsportcerveteri.it\/index.php\/2026\/05\/31\/calcio-la-rim-cerveteri-torna-da-como-mister-accardo-esperienza-indimenticabile\/\" >\n\t\t\t\tCalcio: la RIM Cerveteri torna da Como, mister Accardo: \u201cEsperienza indimenticabile\u201d\t\t\t<\/a>\n\t\t<\/h3>\n\t\t\t\t<div class=\"elementor-post__excerpt\">\n\t\t\t<p>Si \u00e8 conclusa l\u2019esperienza dei piccoli calciatori 2017 della RIM Sport Cerveteri che hanno partecipato alle finali del Trofeo Goleador a Como. La manifestazione, disputatasi domenica 31 maggio all\u2019interno dello stadio Sinigaglia dove i lombardi scendono in campo per i loro match di Serie A, ha chiamato a raccolta ben<\/p>\n\t\t<\/div>\n\t\t\n\t\t<a class=\"elementor-post__read-more\" href=\"https:\/\/www.rimsportcerveteri.it\/index.php\/2026\/05\/31\/calcio-la-rim-cerveteri-torna-da-como-mister-accardo-esperienza-indimenticabile\/\" aria-label=\"Leggi tutto Calcio: la RIM Cerveteri torna da Como, mister Accardo: \u201cEsperienza indimenticabile\u201d\" tabindex=\"-1\" >\n\t\t\tLeggi Tutto \u00bb\t\t<\/a>\n\n\t\t\t\t<\/div>\n\t\t\t\t<div class=\"elementor-post__meta-data\">\n\t\t\t\t\t<span class=\"elementor-post-date\">\n\t\t\t31 Maggio 2026\t\t<\/span>\n\t\t\t\t<span class=\"elementor-post-avatar\">\n\t\t\tNessun commento\t\t<\/span>\n\t\t\t\t<\/div>\n\t\t\t\t\t<\/div>\n\t\t<\/article>\n\t\t\t\t<article class=\"elementor-post elementor-grid-item post-3161 post type-post status-publish format-standard has-post-thumbnail hentry category-volley tag-news-dal-centro tag-volley\" role=\"listitem\">\n\t\t\t<div class=\"elementor-post__card\">\n\t\t\t\t<a class=\"elementor-post__thumbnail__link\" href=\"https:\/\/www.rimsportcerveteri.it\/index.php\/2026\/05\/25\/volley-la-rim-cerveteri-conquista-la-serie-d\/\" tabindex=\"-1\" ><div class=\"elementor-post__thumbnail\"><img loading=\"lazy\" decoding=\"async\" width=\"1920\" height=\"2560\" src=\"https:\/\/www.rimsportcerveteri.it\/wp-content\/uploads\/2026\/05\/prima-divisione-vittoria-play-off-scaled.jpg\" class=\"attachment-full size-full wp-image-3162\" alt=\"\" srcset=\"https:\/\/www.rimsportcerveteri.it\/wp-content\/uploads\/2026\/05\/prima-divisione-vittoria-play-off-scaled.jpg 1920w, https:\/\/www.rimsportcerveteri.it\/wp-content\/uploads\/2026\/05\/prima-divisione-vittoria-play-off-225x300.jpg 225w, https:\/\/www.rimsportcerveteri.it\/wp-content\/uploads\/2026\/05\/prima-divisione-vittoria-play-off-768x1024.jpg 768w, https:\/\/www.rimsportcerveteri.it\/wp-content\/uploads\/2026\/05\/prima-divisione-vittoria-play-off-1152x1536.jpg 1152w, https:\/\/www.rimsportcerveteri.it\/wp-content\/uploads\/2026\/05\/prima-divisione-vittoria-play-off-1536x2048.jpg 1536w\" sizes=\"(max-width: 1920px) 100vw, 1920px\" \/><\/div><\/a>\n\t\t\t\t<div class=\"elementor-post__badge\">Volley<\/div>\n\t\t\t\t<div class=\"elementor-post__text\">\n\t\t\t\t<h3 class=\"elementor-post__title\">\n\t\t\t<a href=\"https:\/\/www.rimsportcerveteri.it\/index.php\/2026\/05\/25\/volley-la-rim-cerveteri-conquista-la-serie-d\/\" >\n\t\t\t\tVolley, la RIM Cerveteri conquista la Serie D\t\t\t<\/a>\n\t\t<\/h3>\n\t\t\t\t<div class=\"elementor-post__excerpt\">\n\t\t\t<p>3-0 nel derby contro CV Volley e la vittoria di Polas hanno consegnato alle verdebl\u00f9 la promozione nel Campionato Regionale \u00c8 stata una domenica sera speciale quella vissuta dalle giocatrici e dai tifosi della RIM Sport Cerveteri, protagonista dei play off di prima divisione di volley. Dopo una vittoria e<\/p>\n\t\t<\/div>\n\t\t\n\t\t<a class=\"elementor-post__read-more\" href=\"https:\/\/www.rimsportcerveteri.it\/index.php\/2026\/05\/25\/volley-la-rim-cerveteri-conquista-la-serie-d\/\" aria-label=\"Leggi tutto Volley, la RIM Cerveteri conquista la Serie D\" tabindex=\"-1\" >\n\t\t\tLeggi Tutto \u00bb\t\t<\/a>\n\n\t\t\t\t<\/div>\n\t\t\t\t<div class=\"elementor-post__meta-data\">\n\t\t\t\t\t<span class=\"elementor-post-date\">\n\t\t\t25 Maggio 2026\t\t<\/span>\n\t\t\t\t<span class=\"elementor-post-avatar\">\n\t\t\tNessun commento\t\t<\/span>\n\t\t\t\t<\/div>\n\t\t\t\t\t<\/div>\n\t\t<\/article>\n\t\t\t\t<article class=\"elementor-post elementor-grid-item post-3157 post type-post status-publish format-standard has-post-thumbnail hentry category-calcio category-rim-calcio-cerveteri tag-calcio tag-news-dal-centro\" role=\"listitem\">\n\t\t\t<div class=\"elementor-post__card\">\n\t\t\t\t<a class=\"elementor-post__thumbnail__link\" href=\"https:\/\/www.rimsportcerveteri.it\/index.php\/2026\/05\/22\/calcio-la-rim-va-a-como-per-un-torneo-da-serie-a\/\" tabindex=\"-1\" ><div class=\"elementor-post__thumbnail\"><img loading=\"lazy\" decoding=\"async\" width=\"2048\" height=\"1265\" src=\"https:\/\/www.rimsportcerveteri.it\/wp-content\/uploads\/2026\/05\/tappa-torneo-goleador.jpeg\" class=\"attachment-full size-full wp-image-3158\" alt=\"\" srcset=\"https:\/\/www.rimsportcerveteri.it\/wp-content\/uploads\/2026\/05\/tappa-torneo-goleador.jpeg 2048w, https:\/\/www.rimsportcerveteri.it\/wp-content\/uploads\/2026\/05\/tappa-torneo-goleador-300x185.jpeg 300w, https:\/\/www.rimsportcerveteri.it\/wp-content\/uploads\/2026\/05\/tappa-torneo-goleador-1024x633.jpeg 1024w, https:\/\/www.rimsportcerveteri.it\/wp-content\/uploads\/2026\/05\/tappa-torneo-goleador-768x474.jpeg 768w, https:\/\/www.rimsportcerveteri.it\/wp-content\/uploads\/2026\/05\/tappa-torneo-goleador-1536x949.jpeg 1536w\" sizes=\"(max-width: 2048px) 100vw, 2048px\" \/><\/div><\/a>\n\t\t\t\t<div class=\"elementor-post__badge\">Calcio<\/div>\n\t\t\t\t<div class=\"elementor-post__text\">\n\t\t\t\t<h3 class=\"elementor-post__title\">\n\t\t\t<a href=\"https:\/\/www.rimsportcerveteri.it\/index.php\/2026\/05\/22\/calcio-la-rim-va-a-como-per-un-torneo-da-serie-a\/\" >\n\t\t\t\tCalcio, la RIM va a Como per un torneo da Serie A\t\t\t<\/a>\n\t\t<\/h3>\n\t\t\t\t<div class=\"elementor-post__excerpt\">\n\t\t\t<p>I 2017 verdebl\u00f9 hanno conquistato la finale del Torneo Goleador e giocheranno al Sinigaglia Manca pochissimo al 31 maggio, giorno della fase finale del Torneo Goleador, competizione nazionale che chiamer\u00e0 a raccolta squadre da tutta Italia. A contendersi il titolo saranno le 44 formazioni che si sono aggiudicate le diverse<\/p>\n\t\t<\/div>\n\t\t\n\t\t<a class=\"elementor-post__read-more\" href=\"https:\/\/www.rimsportcerveteri.it\/index.php\/2026\/05\/22\/calcio-la-rim-va-a-como-per-un-torneo-da-serie-a\/\" aria-label=\"Leggi tutto Calcio, la RIM va a Como per un torneo da Serie A\" tabindex=\"-1\" >\n\t\t\tLeggi Tutto \u00bb\t\t<\/a>\n\n\t\t\t\t<\/div>\n\t\t\t\t<div class=\"elementor-post__meta-data\">\n\t\t\t\t\t<span class=\"elementor-post-date\">\n\t\t\t22 Maggio 2026\t\t<\/span>\n\t\t\t\t<span class=\"elementor-post-avatar\">\n\t\t\tNessun commento\t\t<\/span>\n\t\t\t\t<\/div>\n\t\t\t\t\t<\/div>\n\t\t<\/article>\n\t\t\t\t<\/div>\n\t\t\n\t\t\t\t<div class=\"e-load-more-anchor\" data-page=\"1\" data-max-page=\"8\" data-next-page=\"https:\/\/www.rimsportcerveteri.it\/index.php\/wp-json\/wp\/v2\/pages\/1310\/page\/2\/\"><\/div>\n\t\t\t\t<nav class=\"elementor-pagination\" aria-label=\"Paginazione\">\n\t\t\t<span class=\"page-numbers prev\">&laquo; Precedente<\/span>\n<span aria-current=\"page\" class=\"page-numbers current\"><span class=\"elementor-screen-only\">Pagina<\/span>1<\/span>\n<a class=\"page-numbers\" href=\"https:\/\/www.rimsportcerveteri.it\/index.php\/wp-json\/wp\/v2\/pages\/1310\/page\/2\/\"><span class=\"elementor-screen-only\">Pagina<\/span>2<\/a>\n<a class=\"page-numbers\" href=\"https:\/\/www.rimsportcerveteri.it\/index.php\/wp-json\/wp\/v2\/pages\/1310\/page\/3\/\"><span class=\"elementor-screen-only\">Pagina<\/span>3<\/a>\n<a class=\"page-numbers\" href=\"https:\/\/www.rimsportcerveteri.it\/index.php\/wp-json\/wp\/v2\/pages\/1310\/page\/4\/\"><span class=\"elementor-screen-only\">Pagina<\/span>4<\/a>\n<a class=\"page-numbers\" href=\"https:\/\/www.rimsportcerveteri.it\/index.php\/wp-json\/wp\/v2\/pages\/1310\/page\/5\/\"><span class=\"elementor-screen-only\">Pagina<\/span>5<\/a>\n<a class=\"page-numbers next\" href=\"https:\/\/www.rimsportcerveteri.it\/index.php\/wp-json\/wp\/v2\/pages\/1310\/page\/2\/\">Successivo &raquo;<\/a>\t\t<\/nav>\n\t\t\t\t\t\t<\/div>\n\t\t\t\t<\/div>\n\t\t\t\t<div class=\"elementor-element elementor-element-5cafe5f elementor-widget elementor-widget-spacer\" data-id=\"5cafe5f\" data-element_type=\"widget\" data-e-type=\"widget\" data-widget_type=\"spacer.default\">\n\t\t\t\t<div class=\"elementor-widget-container\">\n\t\t\t\t\t\t\t<div class=\"elementor-spacer\">\n\t\t\t<div class=\"elementor-spacer-inner\"><\/div>\n\t\t<\/div>\n\t\t\t\t\t\t<\/div>\n\t\t\t\t<\/div>\n\t\t\t\t\t<\/div>\n\t\t<\/div>\n\t\t\t\t\t<\/div>\n\t\t<\/section>\n\t\t\t\t<\/div>\n\t\t","protected":false},"excerpt":{"rendered":"<p>resta aggiornato su tutte le news del centro sportivo rim resta aggiornato su tutte le news del centro sportivo rim resta aggiornato su tutte le news del centro sportivo rim Articoli, interviste, approfondimenti e tutte le curiosit\u00e0 sul Centro Sportivo RIM. Rimani aggiornato sui risultati delle prime squadre e su tutti i traguardi che le [&hellip;]<\/p>\n","protected":false},"author":1,"featured_media":0,"parent":0,"menu_order":0,"comment_status":"closed","ping_status":"closed","template":"elementor_header_footer","meta":{"footnotes":""},"class_list":["post-1310","page","type-page","status-publish","hentry"],"_links":{"self":[{"href":"https:\/\/www.rimsportcerveteri.it\/index.php\/wp-json\/wp\/v2\/pages\/1310","targetHints":{"allow":["GET"]}}],"collection":[{"href":"https:\/\/www.rimsportcerveteri.it\/index.php\/wp-json\/wp\/v2\/pages"}],"about":[{"href":"https:\/\/www.rimsportcerveteri.it\/index.php\/wp-json\/wp\/v2\/types\/page"}],"author":[{"embeddable":true,"href":"https:\/\/www.rimsportcerveteri.it\/index.php\/wp-json\/wp\/v2\/users\/1"}],"replies":[{"embeddable":true,"href":"https:\/\/www.rimsportcerveteri.it\/index.php\/wp-json\/wp\/v2\/comments?post=1310"}],"version-history":[{"count":74,"href":"https:\/\/www.rimsportcerveteri.it\/index.php\/wp-json\/wp\/v2\/pages\/1310\/revisions"}],"predecessor-version":[{"id":3032,"href":"https:\/\/www.rimsportcerveteri.it\/index.php\/wp-json\/wp\/v2\/pages\/1310\/revisions\/3032"}],"wp:attachment":[{"href":"https:\/\/www.rimsportcerveteri.it\/index.php\/wp-json\/wp\/v2\/media?parent=1310"}],"curies":[{"name":"wp","href":"https:\/\/api.w.org\/{rel}","templated":true}]}}